{"id":1503,"date":"2024-04-13T11:24:09","date_gmt":"2024-04-13T09:24:09","guid":{"rendered":"https:\/\/czeskastrefa.pl\/prodej-produktu-a-sluzeb\/"},"modified":"2024-05-15T20:33:41","modified_gmt":"2024-05-15T18:33:41","slug":"prodej-produktu-a-sluzeb","status":"publish","type":"page","link":"https:\/\/czeskastrefa.pl\/cs\/prodej-produktu-a-sluzeb\/","title":{"rendered":"Prodej produkt\u016f a slu\u017eeb"},"content":{"rendered":"\n<blockquote class=\"wp-block-quote is-layout-flow wp-block-quote-is-layout-flow\">\n<p>P\u0159enechte prodej produkt\u016f a slu\u017eeb sv\u00e9 spole\u010dnosti n\u00e1m a p\u0159esv\u011bd\u010dte se o kvalit\u011b a efektivit\u011b na\u0161ich slu\u017eeb. Na \u010desk\u00e9m trhu vystupujeme jm\u00e9nem va\u0161\u00ed spole\u010dnosti, aby se z\u00e1kazn\u00edk c\u00edtil bezpe\u010dn\u011b a m\u011bl pocit, \u017ee komunikuje se zam\u011bstnanci va\u0161\u00ed spole\u010dnosti. N\u00e1\u0161 t\u00fdm se skl\u00e1d\u00e1 z profesion\u00e1l\u016f, kte\u0159\u00ed hovo\u0159\u00ed \u010desky i polsky. Ve vztahu k va\u0161im z\u00e1kazn\u00edk\u016fm se \u0159\u00edd\u00edme z\u00e1sadami ochrany osobn\u00edch \u00fadaj\u016f, ob\u010dansk\u00fdm z\u00e1kon\u00edkem, z\u00e1konem o ochran\u011b spot\u0159ebitele a dal\u0161\u00edmi pr\u00e1vn\u00edmi p\u0159edpisy.<\/p>\n<\/blockquote>\n\n<p><strong>V oblasti prodeje v\u00fdrobk\u016f a slu\u017eeb nab\u00edz\u00edme n\u00e1sleduj\u00edc\u00ed slu\u017eby:<\/strong><\/p>\n\n<p><strong>1. P\u0159eklad nab\u00eddky produkt\u016f a slu\u017eeb do \u010de\u0161tiny na webov\u00fdch str\u00e1nk\u00e1ch<\/strong><\/p>\n\n<p>P\u0159eklad nebo tvorba nab\u00eddek produkt\u016f a slu\u017eeb pro \u010desk\u00fd trh. SEO optimalizace je sou\u010d\u00e1st\u00ed nab\u00eddky.<\/p>\n\n<p><strong>2. aktualizace nab\u00eddky produkt\u016f a slu\u017eeb na webov\u00fdch str\u00e1nk\u00e1ch.<\/strong><\/p>\n\n<p>Korektury p\u0159eklad\u016f a aktualizace va\u0161\u00ed nab\u00eddky na \u010desk\u00e9m trhu.<\/p>\n\n<p><strong>3. V\u00fdpisy produkt\u016f na \u010desk\u00fdch online tr\u017ei\u0161t\u00edch<\/strong> <a href=\"https:\/\/aukro.cz\/\">\n  <strong>aukro.cz<\/strong>\n<\/a><strong>, <\/strong><a href=\"https:\/\/www.mall.cz\/\">\n  <strong>mall.cz<\/strong>\n<\/a><strong> i <\/strong><a href=\"https:\/\/allegro.cz\/\">\n  <strong>allegro.cz<\/strong>\n<\/a><\/p>\n\n<p>V\u00fdpis polo\u017eek na \u010desk\u00fdch tr\u017ei\u0161t\u00edch.<\/p>\n\n<p><strong>4. SEO optimalizace pro \u010desk\u00fd trh<\/strong><\/p>\n\n<p>SEO optimalizace textu.<\/p>\n\n<p><strong>5. informov\u00e1n\u00ed z\u00e1kazn\u00edk\u016f v souladu s va\u0161imi postupy.<\/strong><\/p>\n\n<p>Poskytov\u00e1n\u00ed informac\u00ed z\u00e1kazn\u00edk\u016fm o va\u0161\u00ed spole\u010dnosti, produktech nebo slu\u017eb\u00e1ch, cen\u00e1ch, platb\u00e1ch, doprav\u011b atd.<\/p>\n\n<p><strong>6. P\u0159\u00edjem telefonick\u00fdch objedn\u00e1vek a jejich n\u00e1sledn\u00e9 sledov\u00e1n\u00ed<\/strong><\/p>\n\n<p>P\u0159ij\u00edm\u00e1n\u00ed telefonick\u00fdch objedn\u00e1vek a jejich dal\u0161\u00ed zpracov\u00e1n\u00ed.<\/p>\n\n<p><strong>7. P\u0159\u00edjem e-mailov\u00fdch objedn\u00e1vek a jejich n\u00e1sledn\u00e9 sledov\u00e1n\u00ed<\/strong><\/p>\n\n<p>P\u0159\u00edjem e-mailov\u00fdch objedn\u00e1vek a jejich dal\u0161\u00ed zpracov\u00e1n\u00ed.<\/p>\n\n<p><strong>8. budov\u00e1n\u00ed partnerstv\u00ed se st\u00e1l\u00fdmi z\u00e1kazn\u00edky<\/strong><\/p>\n\n<p>Udr\u017eov\u00e1n\u00ed partnerstv\u00ed se st\u00e1l\u00fdmi z\u00e1kazn\u00edky.<\/p>\n\n<p><strong>9. navazov\u00e1n\u00ed kontakt\u016f s nov\u00fdmi z\u00e1kazn\u00edky<\/strong><\/p>\n\n<p>Z\u00edsk\u00e1v\u00e1n\u00ed nov\u00fdch z\u00e1kazn\u00edk\u016f na \u010desk\u00e9m trhu.<\/p>\n\n<p><strong>10. telefonick\u00fd kontakt se z\u00e1kazn\u00edky<\/strong><\/p>\n\n<p>Vy\u0159izov\u00e1n\u00ed p\u0159\u00edchoz\u00edch a odchoz\u00edch telefonn\u00edch hovor\u016f pro \u010desk\u00e9 z\u00e1kazn\u00edky.<\/p>\n\n<p><strong>11. e-mailov\u00fd kontakt se z\u00e1kazn\u00edky<\/strong><\/p>\n\n<p>E-mailov\u00e1 komunikace v \u010de\u0161tin\u011b.<\/p>\n\n<p><strong>12. online sch\u016fzky se z\u00e1kazn\u00edky<\/strong><\/p>\n\n<p>Online sch\u016fzky s klienty prost\u0159ednictv\u00edm aplikace Microsoft Teams.<\/p>\n\n<p><strong>13. P\u0159ed\u00e1v\u00e1n\u00ed informac\u00ed a jejich p\u0159eklad do pol\u0161tiny mezi na\u0161\u00edm t\u00fdmem a v\u00e1mi<\/strong><\/p>\n\n<p>P\u0159ed\u00e1v\u00e1n\u00ed ve\u0161ker\u00e9 korespondence se z\u00e1kazn\u00edky k dal\u0161\u00ed realizaci po\u017eadavk\u016f z\u00e1kazn\u00edk\u016f s p\u0159ekladem do pol\u0161tiny.<\/p>\n\n<p><strong>14. Vykazov\u00e1n\u00ed a prezentace prodejn\u00edch v\u00fdsledk\u016f z \u010desk\u00e9ho trhu<\/strong><\/p>\n\n<p>Tvorba report\u016f a prezentace prodejn\u00edch v\u00fdsledk\u016f z \u010desk\u00e9ho trhu.<\/p>\n\n<p><strong>15. intern\u00ed spolupr\u00e1ce s va\u0161imi odd\u011blen\u00edmi<\/strong><\/p>\n\n<p>Intern\u00ed komunikace s odd\u011blen\u00edmi.<\/p>\n\n<div style=\"height:5px\" aria-hidden=\"true\" class=\"wp-block-spacer\"><\/div>\n\n<figure class=\"wp-block-image size-full\"><img loading=\"lazy\" decoding=\"async\" width=\"2560\" height=\"1707\" src=\"https:\/\/czeskastrefa.pl\/wp-content\/uploads\/2024\/04\/two-financial-advisors-having-meeting-with-young-man-home-female-advisor-is-shaking-hands-with-client-scaled.jpg\" alt=\"\" class=\"wp-image-191\"\/><\/figure>\n","protected":false},"excerpt":{"rendered":"<p>P\u0159enechte prodej produkt\u016f a slu\u017eeb sv\u00e9 spole\u010dnosti n\u00e1m a p\u0159esv\u011bd\u010dte se o kvalit\u011b a efektivit\u011b na\u0161ich slu\u017eeb. Na \u010desk\u00e9m trhu vystupujeme jm\u00e9nem va\u0161\u00ed spole\u010dnosti, aby se z\u00e1kazn\u00edk c\u00edtil bezpe\u010dn\u011b a m\u011bl pocit, \u017ee komunikuje se zam\u011bstnanci va\u0161\u00ed spole\u010dnosti. N\u00e1\u0161 t\u00fdm se skl\u00e1d\u00e1 z profesion\u00e1l\u016f, kte\u0159\u00ed hovo\u0159\u00ed \u010desky i polsky. Ve vztahu k va\u0161im z\u00e1kazn\u00edk\u016fm se [&hellip;]<\/p>\n","protected":false},"author":1,"featured_media":2206,"parent":0,"menu_order":0,"comment_status":"closed","ping_status":"closed","template":"","meta":{"footnotes":""},"class_list":["post-1503","page","type-page","status-publish","has-post-thumbnail","hentry"],"yoast_head":"<!-- This site is optimized with the Yoast SEO plugin v26.7 - https:\/\/yoast.com\/wordpress\/plugins\/seo\/ -->\n<title>Prodej produkt\u016f a slu\u017eeb | Czeska Strefa<\/title>\n<meta name=\"description\" content=\"P\u0159enechte prodej produkt\u016f a slu\u017eeb va\u0161\u00ed spole\u010dnosti n\u00e1m a p\u0159esv\u011bd\u010dte se o kvalit\u011b a efektivit\u011b na\u0161ich slu\u017eeb. Na \u010desk\u00e9m trhu vystupujeme jm\u00e9nem va\u0161\u00ed spole\u010dnosti, aby se z\u00e1kazn\u00edk c\u00edtil bezpe\u010dn\u011b a m\u011bl pocit, \u017ee komunikuje se zam\u011bstnanci va\u0161\u00ed spole\u010dnosti. N\u00e1\u0161 t\u00fdm se skl\u00e1d\u00e1 z profesion\u00e1l\u016f, kte\u0159\u00ed hovo\u0159\u00ed \u010desky i polsky. Ve vztahu k va\u0161im z\u00e1kazn\u00edk\u016fm se \u0159\u00edd\u00edme z\u00e1sadami ochrany osobn\u00edch \u00fadaj\u016f, ob\u010dansk\u00fdm z\u00e1kon\u00edkem, z\u00e1konem o ochran\u011b spot\u0159ebitele a dal\u0161\u00edmi pr\u00e1vn\u00edmi p\u0159edpisy.\" \/>\n<meta name=\"robots\" content=\"index, follow, max-snippet:-1, max-image-preview:large, max-video-preview:-1\" \/>\n<link rel=\"canonical\" href=\"https:\/\/czeskastrefa.pl\/cs\/prodej-produktu-a-sluzeb\/\" \/>\n<meta property=\"og:locale\" content=\"cs_CZ\" \/>\n<meta property=\"og:type\" content=\"article\" \/>\n<meta property=\"og:title\" content=\"Prodej produkt\u016f a slu\u017eeb\" \/>\n<meta property=\"og:description\" content=\"P\u0159enechte prodej produkt\u016f a slu\u017eeb va\u0161\u00ed spole\u010dnosti n\u00e1m a p\u0159esv\u011bd\u010dte se o kvalit\u011b a efektivit\u011b na\u0161ich slu\u017eeb. Na \u010desk\u00e9m trhu vystupujeme jm\u00e9nem va\u0161\u00ed spole\u010dnosti, aby se z\u00e1kazn\u00edk c\u00edtil bezpe\u010dn\u011b a m\u011bl pocit, \u017ee komunikuje se zam\u011bstnanci va\u0161\u00ed spole\u010dnosti. N\u00e1\u0161 t\u00fdm se skl\u00e1d\u00e1 z profesion\u00e1l\u016f, kte\u0159\u00ed hovo\u0159\u00ed \u010desky i polsky. Ve vztahu k va\u0161im z\u00e1kazn\u00edk\u016fm se \u0159\u00edd\u00edme z\u00e1sadami ochrany osobn\u00edch \u00fadaj\u016f, ob\u010dansk\u00fdm z\u00e1kon\u00edkem, z\u00e1konem o ochran\u011b spot\u0159ebitele a dal\u0161\u00edmi pr\u00e1vn\u00edmi p\u0159edpisy.\" \/>\n<meta property=\"og:url\" content=\"https:\/\/czeskastrefa.pl\/cs\/prodej-produktu-a-sluzeb\/\" \/>\n<meta property=\"og:site_name\" content=\"Czeska Strefa\" \/>\n<meta property=\"article:publisher\" content=\"https:\/\/www.facebook.com\/czeskastrefa\" \/>\n<meta property=\"article:modified_time\" content=\"2024-05-15T18:33:41+00:00\" \/>\n<meta property=\"og:image\" content=\"https:\/\/czeskastrefa.pl\/wp-content\/uploads\/2024\/04\/pexels-monstera-production-6289060-1.jpg\" \/>\n<meta name=\"twitter:card\" content=\"summary_large_image\" \/>\n<meta name=\"twitter:label1\" content=\"Odhadovan\u00e1 doba \u010dten\u00ed\" \/>\n\t<meta name=\"twitter:data1\" content=\"2 minuty\" \/>\n<script type=\"application\/ld+json\" class=\"yoast-schema-graph\">{\"@context\":\"https:\/\/schema.org\",\"@graph\":[{\"@type\":\"WebPage\",\"@id\":\"https:\/\/czeskastrefa.pl\/cs\/prodej-produktu-a-sluzeb\/\",\"url\":\"https:\/\/czeskastrefa.pl\/cs\/prodej-produktu-a-sluzeb\/\",\"name\":\"Prodej produkt\u016f a slu\u017eeb | Czeska Strefa\",\"isPartOf\":{\"@id\":\"https:\/\/czeskastrefa.pl\/cs\/#website\"},\"primaryImageOfPage\":{\"@id\":\"https:\/\/czeskastrefa.pl\/cs\/prodej-produktu-a-sluzeb\/#primaryimage\"},\"image\":{\"@id\":\"https:\/\/czeskastrefa.pl\/cs\/prodej-produktu-a-sluzeb\/#primaryimage\"},\"thumbnailUrl\":\"https:\/\/czeskastrefa.pl\/wp-content\/uploads\/2024\/10\/iStock-1127293302.jpg\",\"datePublished\":\"2024-04-13T09:24:09+00:00\",\"dateModified\":\"2024-05-15T18:33:41+00:00\",\"description\":\"P\u0159enechte prodej produkt\u016f a slu\u017eeb va\u0161\u00ed spole\u010dnosti n\u00e1m a p\u0159esv\u011bd\u010dte se o kvalit\u011b a efektivit\u011b na\u0161ich slu\u017eeb. Na \u010desk\u00e9m trhu vystupujeme jm\u00e9nem va\u0161\u00ed spole\u010dnosti, aby se z\u00e1kazn\u00edk c\u00edtil bezpe\u010dn\u011b a m\u011bl pocit, \u017ee komunikuje se zam\u011bstnanci va\u0161\u00ed spole\u010dnosti. N\u00e1\u0161 t\u00fdm se skl\u00e1d\u00e1 z profesion\u00e1l\u016f, kte\u0159\u00ed hovo\u0159\u00ed \u010desky i polsky. Ve vztahu k va\u0161im z\u00e1kazn\u00edk\u016fm se \u0159\u00edd\u00edme z\u00e1sadami ochrany osobn\u00edch \u00fadaj\u016f, ob\u010dansk\u00fdm z\u00e1kon\u00edkem, z\u00e1konem o ochran\u011b spot\u0159ebitele a dal\u0161\u00edmi pr\u00e1vn\u00edmi p\u0159edpisy.\",\"breadcrumb\":{\"@id\":\"https:\/\/czeskastrefa.pl\/cs\/prodej-produktu-a-sluzeb\/#breadcrumb\"},\"inLanguage\":\"cs\",\"potentialAction\":[{\"@type\":\"ReadAction\",\"target\":[\"https:\/\/czeskastrefa.pl\/cs\/prodej-produktu-a-sluzeb\/\"]}]},{\"@type\":\"ImageObject\",\"inLanguage\":\"cs\",\"@id\":\"https:\/\/czeskastrefa.pl\/cs\/prodej-produktu-a-sluzeb\/#primaryimage\",\"url\":\"https:\/\/czeskastrefa.pl\/wp-content\/uploads\/2024\/10\/iStock-1127293302.jpg\",\"contentUrl\":\"https:\/\/czeskastrefa.pl\/wp-content\/uploads\/2024\/10\/iStock-1127293302.jpg\",\"width\":2121,\"height\":1414,\"caption\":\"online business concept: man using a laptop with online shop on the screen. Screen graphics are made up.\"},{\"@type\":\"BreadcrumbList\",\"@id\":\"https:\/\/czeskastrefa.pl\/cs\/prodej-produktu-a-sluzeb\/#breadcrumb\",\"itemListElement\":[{\"@type\":\"ListItem\",\"position\":1,\"name\":\"Strona g\u0142\u00f3wna\",\"item\":\"https:\/\/czeskastrefa.pl\/cs\/\"},{\"@type\":\"ListItem\",\"position\":2,\"name\":\"Prodej produkt\u016f a slu\u017eeb\"}]},{\"@type\":\"WebSite\",\"@id\":\"https:\/\/czeskastrefa.pl\/cs\/#website\",\"url\":\"https:\/\/czeskastrefa.pl\/cs\/\",\"name\":\"Czeska Strefa\",\"description\":\"Us\u0142ugi zwi\u0105zane z e-commerce na rynku czeskim\",\"publisher\":{\"@id\":\"https:\/\/czeskastrefa.pl\/cs\/#organization\"},\"alternateName\":\"Czeska Strefa\",\"potentialAction\":[{\"@type\":\"SearchAction\",\"target\":{\"@type\":\"EntryPoint\",\"urlTemplate\":\"https:\/\/czeskastrefa.pl\/cs\/?s={search_term_string}\"},\"query-input\":{\"@type\":\"PropertyValueSpecification\",\"valueRequired\":true,\"valueName\":\"search_term_string\"}}],\"inLanguage\":\"cs\"},{\"@type\":\"Organization\",\"@id\":\"https:\/\/czeskastrefa.pl\/cs\/#organization\",\"name\":\"Czeska Strefa\",\"alternateName\":\"Us\u0142ugi e-commerce na rynku czeskim\",\"url\":\"https:\/\/czeskastrefa.pl\/cs\/\",\"logo\":{\"@type\":\"ImageObject\",\"inLanguage\":\"cs\",\"@id\":\"https:\/\/czeskastrefa.pl\/cs\/#\/schema\/logo\/image\/\",\"url\":\"https:\/\/czeskastrefa.pl\/wp-content\/uploads\/2024\/04\/cropped-thumbnail_czeska-strefa-512-pxbhhui.png\",\"contentUrl\":\"https:\/\/czeskastrefa.pl\/wp-content\/uploads\/2024\/04\/cropped-thumbnail_czeska-strefa-512-pxbhhui.png\",\"width\":240,\"height\":240,\"caption\":\"Czeska Strefa\"},\"image\":{\"@id\":\"https:\/\/czeskastrefa.pl\/cs\/#\/schema\/logo\/image\/\"},\"sameAs\":[\"https:\/\/www.facebook.com\/czeskastrefa\",\"https:\/\/www.linkedin.com\/company\/czeskastrefa\",\"https:\/\/www.instagram.com\/czeskastrefa\"]}]}<\/script>\n<!-- \/ Yoast SEO plugin. -->","yoast_head_json":{"title":"Prodej produkt\u016f a slu\u017eeb | Czeska Strefa","description":"P\u0159enechte prodej produkt\u016f a slu\u017eeb va\u0161\u00ed spole\u010dnosti n\u00e1m a p\u0159esv\u011bd\u010dte se o kvalit\u011b a efektivit\u011b na\u0161ich slu\u017eeb. Na \u010desk\u00e9m trhu vystupujeme jm\u00e9nem va\u0161\u00ed spole\u010dnosti, aby se z\u00e1kazn\u00edk c\u00edtil bezpe\u010dn\u011b a m\u011bl pocit, \u017ee komunikuje se zam\u011bstnanci va\u0161\u00ed spole\u010dnosti. N\u00e1\u0161 t\u00fdm se skl\u00e1d\u00e1 z profesion\u00e1l\u016f, kte\u0159\u00ed hovo\u0159\u00ed \u010desky i polsky. Ve vztahu k va\u0161im z\u00e1kazn\u00edk\u016fm se \u0159\u00edd\u00edme z\u00e1sadami ochrany osobn\u00edch \u00fadaj\u016f, ob\u010dansk\u00fdm z\u00e1kon\u00edkem, z\u00e1konem o ochran\u011b spot\u0159ebitele a dal\u0161\u00edmi pr\u00e1vn\u00edmi p\u0159edpisy.","robots":{"index":"index","follow":"follow","max-snippet":"max-snippet:-1","max-image-preview":"max-image-preview:large","max-video-preview":"max-video-preview:-1"},"canonical":"https:\/\/czeskastrefa.pl\/cs\/prodej-produktu-a-sluzeb\/","og_locale":"cs_CZ","og_type":"article","og_title":"Prodej produkt\u016f a slu\u017eeb","og_description":"P\u0159enechte prodej produkt\u016f a slu\u017eeb va\u0161\u00ed spole\u010dnosti n\u00e1m a p\u0159esv\u011bd\u010dte se o kvalit\u011b a efektivit\u011b na\u0161ich slu\u017eeb. Na \u010desk\u00e9m trhu vystupujeme jm\u00e9nem va\u0161\u00ed spole\u010dnosti, aby se z\u00e1kazn\u00edk c\u00edtil bezpe\u010dn\u011b a m\u011bl pocit, \u017ee komunikuje se zam\u011bstnanci va\u0161\u00ed spole\u010dnosti. N\u00e1\u0161 t\u00fdm se skl\u00e1d\u00e1 z profesion\u00e1l\u016f, kte\u0159\u00ed hovo\u0159\u00ed \u010desky i polsky. Ve vztahu k va\u0161im z\u00e1kazn\u00edk\u016fm se \u0159\u00edd\u00edme z\u00e1sadami ochrany osobn\u00edch \u00fadaj\u016f, ob\u010dansk\u00fdm z\u00e1kon\u00edkem, z\u00e1konem o ochran\u011b spot\u0159ebitele a dal\u0161\u00edmi pr\u00e1vn\u00edmi p\u0159edpisy.","og_url":"https:\/\/czeskastrefa.pl\/cs\/prodej-produktu-a-sluzeb\/","og_site_name":"Czeska Strefa","article_publisher":"https:\/\/www.facebook.com\/czeskastrefa","article_modified_time":"2024-05-15T18:33:41+00:00","og_image":[{"url":"https:\/\/czeskastrefa.pl\/wp-content\/uploads\/2024\/04\/pexels-monstera-production-6289060-1.jpg","type":"","width":"","height":""}],"twitter_card":"summary_large_image","twitter_misc":{"Odhadovan\u00e1 doba \u010dten\u00ed":"2 minuty"},"schema":{"@context":"https:\/\/schema.org","@graph":[{"@type":"WebPage","@id":"https:\/\/czeskastrefa.pl\/cs\/prodej-produktu-a-sluzeb\/","url":"https:\/\/czeskastrefa.pl\/cs\/prodej-produktu-a-sluzeb\/","name":"Prodej produkt\u016f a slu\u017eeb | Czeska Strefa","isPartOf":{"@id":"https:\/\/czeskastrefa.pl\/cs\/#website"},"primaryImageOfPage":{"@id":"https:\/\/czeskastrefa.pl\/cs\/prodej-produktu-a-sluzeb\/#primaryimage"},"image":{"@id":"https:\/\/czeskastrefa.pl\/cs\/prodej-produktu-a-sluzeb\/#primaryimage"},"thumbnailUrl":"https:\/\/czeskastrefa.pl\/wp-content\/uploads\/2024\/10\/iStock-1127293302.jpg","datePublished":"2024-04-13T09:24:09+00:00","dateModified":"2024-05-15T18:33:41+00:00","description":"P\u0159enechte prodej produkt\u016f a slu\u017eeb va\u0161\u00ed spole\u010dnosti n\u00e1m a p\u0159esv\u011bd\u010dte se o kvalit\u011b a efektivit\u011b na\u0161ich slu\u017eeb. Na \u010desk\u00e9m trhu vystupujeme jm\u00e9nem va\u0161\u00ed spole\u010dnosti, aby se z\u00e1kazn\u00edk c\u00edtil bezpe\u010dn\u011b a m\u011bl pocit, \u017ee komunikuje se zam\u011bstnanci va\u0161\u00ed spole\u010dnosti. N\u00e1\u0161 t\u00fdm se skl\u00e1d\u00e1 z profesion\u00e1l\u016f, kte\u0159\u00ed hovo\u0159\u00ed \u010desky i polsky. Ve vztahu k va\u0161im z\u00e1kazn\u00edk\u016fm se \u0159\u00edd\u00edme z\u00e1sadami ochrany osobn\u00edch \u00fadaj\u016f, ob\u010dansk\u00fdm z\u00e1kon\u00edkem, z\u00e1konem o ochran\u011b spot\u0159ebitele a dal\u0161\u00edmi pr\u00e1vn\u00edmi p\u0159edpisy.","breadcrumb":{"@id":"https:\/\/czeskastrefa.pl\/cs\/prodej-produktu-a-sluzeb\/#breadcrumb"},"inLanguage":"cs","potentialAction":[{"@type":"ReadAction","target":["https:\/\/czeskastrefa.pl\/cs\/prodej-produktu-a-sluzeb\/"]}]},{"@type":"ImageObject","inLanguage":"cs","@id":"https:\/\/czeskastrefa.pl\/cs\/prodej-produktu-a-sluzeb\/#primaryimage","url":"https:\/\/czeskastrefa.pl\/wp-content\/uploads\/2024\/10\/iStock-1127293302.jpg","contentUrl":"https:\/\/czeskastrefa.pl\/wp-content\/uploads\/2024\/10\/iStock-1127293302.jpg","width":2121,"height":1414,"caption":"online business concept: man using a laptop with online shop on the screen. Screen graphics are made up."},{"@type":"BreadcrumbList","@id":"https:\/\/czeskastrefa.pl\/cs\/prodej-produktu-a-sluzeb\/#breadcrumb","itemListElement":[{"@type":"ListItem","position":1,"name":"Strona g\u0142\u00f3wna","item":"https:\/\/czeskastrefa.pl\/cs\/"},{"@type":"ListItem","position":2,"name":"Prodej produkt\u016f a slu\u017eeb"}]},{"@type":"WebSite","@id":"https:\/\/czeskastrefa.pl\/cs\/#website","url":"https:\/\/czeskastrefa.pl\/cs\/","name":"Czeska Strefa","description":"Us\u0142ugi zwi\u0105zane z e-commerce na rynku czeskim","publisher":{"@id":"https:\/\/czeskastrefa.pl\/cs\/#organization"},"alternateName":"Czeska Strefa","potentialAction":[{"@type":"SearchAction","target":{"@type":"EntryPoint","urlTemplate":"https:\/\/czeskastrefa.pl\/cs\/?s={search_term_string}"},"query-input":{"@type":"PropertyValueSpecification","valueRequired":true,"valueName":"search_term_string"}}],"inLanguage":"cs"},{"@type":"Organization","@id":"https:\/\/czeskastrefa.pl\/cs\/#organization","name":"Czeska Strefa","alternateName":"Us\u0142ugi e-commerce na rynku czeskim","url":"https:\/\/czeskastrefa.pl\/cs\/","logo":{"@type":"ImageObject","inLanguage":"cs","@id":"https:\/\/czeskastrefa.pl\/cs\/#\/schema\/logo\/image\/","url":"https:\/\/czeskastrefa.pl\/wp-content\/uploads\/2024\/04\/cropped-thumbnail_czeska-strefa-512-pxbhhui.png","contentUrl":"https:\/\/czeskastrefa.pl\/wp-content\/uploads\/2024\/04\/cropped-thumbnail_czeska-strefa-512-pxbhhui.png","width":240,"height":240,"caption":"Czeska Strefa"},"image":{"@id":"https:\/\/czeskastrefa.pl\/cs\/#\/schema\/logo\/image\/"},"sameAs":["https:\/\/www.facebook.com\/czeskastrefa","https:\/\/www.linkedin.com\/company\/czeskastrefa","https:\/\/www.instagram.com\/czeskastrefa"]}]}},"_links":{"self":[{"href":"https:\/\/czeskastrefa.pl\/cs\/wp-json\/wp\/v2\/pages\/1503","targetHints":{"allow":["GET"]}}],"collection":[{"href":"https:\/\/czeskastrefa.pl\/cs\/wp-json\/wp\/v2\/pages"}],"about":[{"href":"https:\/\/czeskastrefa.pl\/cs\/wp-json\/wp\/v2\/types\/page"}],"author":[{"embeddable":true,"href":"https:\/\/czeskastrefa.pl\/cs\/wp-json\/wp\/v2\/users\/1"}],"replies":[{"embeddable":true,"href":"https:\/\/czeskastrefa.pl\/cs\/wp-json\/wp\/v2\/comments?post=1503"}],"version-history":[{"count":1,"href":"https:\/\/czeskastrefa.pl\/cs\/wp-json\/wp\/v2\/pages\/1503\/revisions"}],"predecessor-version":[{"id":1507,"href":"https:\/\/czeskastrefa.pl\/cs\/wp-json\/wp\/v2\/pages\/1503\/revisions\/1507"}],"wp:featuredmedia":[{"embeddable":true,"href":"https:\/\/czeskastrefa.pl\/cs\/wp-json\/wp\/v2\/media\/2206"}],"wp:attachment":[{"href":"https:\/\/czeskastrefa.pl\/cs\/wp-json\/wp\/v2\/media?parent=1503"}],"curies":[{"name":"wp","href":"https:\/\/api.w.org\/{rel}","templated":true}]}}