{"id":1525,"date":"2024-05-05T17:55:36","date_gmt":"2024-05-05T15:55:36","guid":{"rendered":"https:\/\/czeskastrefa.pl\/hr\/"},"modified":"2024-05-18T22:52:56","modified_gmt":"2024-05-18T20:52:56","slug":"hr","status":"publish","type":"page","link":"https:\/\/czeskastrefa.pl\/cs\/hr\/","title":{"rendered":"HR"},"content":{"rendered":"\n<blockquote class=\"wp-block-quote is-layout-flow wp-block-quote-is-layout-flow\">\n<p>Hled\u00e1te kandid\u00e1ty pro \u010desk\u00fd nebo slovensk\u00fd trh? Nem\u00e1te person\u00e1ln\u00ed odd\u011blen\u00ed nebo nem\u016f\u017eete naj\u00edt uchaze\u010de o zam\u011bstn\u00e1n\u00ed? Navrhujeme \u0159e\u0161en\u00ed.<\/p>\n<\/blockquote>\n\n<p><strong>V tomto ohledu poskytujeme n\u00e1sleduj\u00edc\u00ed slu\u017eby:  <\/strong> <\/p>\n\n<p><strong>1. Vyhled\u00e1v\u00e1n\u00ed kandid\u00e1t\u016f prost\u0159ednictv\u00edm s\u00edt\u011b LinkedIn<\/strong><\/p>\n\n<p>Vyhled\u00e1v\u00e1n\u00ed vhodn\u00fdch kandid\u00e1t\u016f podle va\u0161ich krit\u00e9ri\u00ed prost\u0159ednictv\u00edm soci\u00e1ln\u00ed s\u00edt\u011b LinkedIn a jejich kontaktov\u00e1n\u00ed.<\/p>\n\n<p><strong>2. hled\u00e1n\u00ed<\/strong> <strong>kandid\u00e1t\u016f prost\u0159ednictv\u00edm skupin na Facebooku<\/strong><\/p>\n\n<p>Vyhled\u00e1n\u00ed vhodn\u00fdch kandid\u00e1t\u016f podle va\u0161ich krit\u00e9ri\u00ed prost\u0159ednictv\u00edm Facebooku a jejich kontaktov\u00e1n\u00ed.<\/p>\n\n<p><strong>3. n\u00e1bor uchaze\u010d\u016f z Polska, \u010cesk\u00e9 republiky a Slovenska<\/strong><\/p>\n\n<p>Vyhled\u00e1v\u00e1n\u00ed vhodn\u00fdch kandid\u00e1t\u016f podle va\u0161ich krit\u00e9ri\u00ed prost\u0159ednictv\u00edm m\u00edstn\u00edch skupin, online port\u00e1l\u016f a skupin na Facebooku.<\/p>\n\n<p><strong>4. vytv\u00e1\u0159en\u00ed pracovn\u00edch nab\u00eddek na pracovn\u00edch port\u00e1lech a soci\u00e1ln\u00edch m\u00e9di\u00edch.<\/strong><\/p>\n\n<p>Na z\u00e1klad\u011b z\u00edskan\u00fdch \u00fadaj\u016f vytvo\u0159\u00edme nab\u00eddku pr\u00e1ce, kterou zve\u0159ejn\u00edme na internetov\u00fdch port\u00e1lech pr\u00e1ce a soci\u00e1ln\u00edch s\u00edt\u00edch.<\/p>\n\n<p><strong>5. e-mailov\u00fd a telefonick\u00fd kontakt s \u017eadateli<\/strong><\/p>\n\n<p>Elektronick\u00fd kontakt prost\u0159ednictv\u00edm e-mailu a telefonick\u00fd kontakt s vybran\u00fdmi uchaze\u010di. P\u0159ed\u00e1v\u00e1n\u00ed informac\u00ed mezi v\u00e1mi a vybran\u00fdmi uchaze\u010di.<\/p>\n\n<p><strong>6. pohovory s uchaze\u010di v \u010de\u0161tin\u011b, pol\u0161tin\u011b a angli\u010dtin\u011b<\/strong><\/p>\n\n<p>Setk\u00e1n\u00ed s vybran\u00fdmi uchaze\u010di o zam\u011bstn\u00e1n\u00ed online nebo na m\u00edst\u011b. Rozhovor m\u016f\u017ee b\u00fdt veden v \u010de\u0161tin\u011b, pol\u0161tin\u011b nebo angli\u010dtin\u011b.<\/p>\n\n<p><strong>7. druh\u00e1 a t\u0159et\u00ed f\u00e1ze rozhovoru<\/strong><\/p>\n\n<p>Dal\u0161\u00ed f\u00e1ze pohovoru na z\u00e1klad\u011b va\u0161ich po\u017eadavk\u016f.<\/p>\n\n<p><strong>8. online setk\u00e1n\u00ed s kandid\u00e1ty nebo na m\u00edst\u011b<\/strong><\/p>\n\n<p>Online setk\u00e1n\u00ed s vybran\u00fdmi uchaze\u010di nebo na m\u00edst\u011b, kter\u00e9 ur\u010d\u00edte b\u011bhem pohovoru nebo v p\u0159\u00edpad\u011b dopl\u0148uj\u00edc\u00edch ot\u00e1zek uchaze\u010d\u016f.<\/p>\n\n<p><strong>9. shroma\u017e\u010fov\u00e1n\u00ed v\u0161ech \u00fadaj\u016f souvisej\u00edc\u00edch s n\u00e1borov\u00fdm procesem.<\/strong><\/p>\n\n<p>V\u0161echny informace z\u00edskan\u00e9 od vybran\u00fdch kandid\u00e1t\u016f se ulo\u017e\u00ed do souboru aplikace Excel. Pot\u00e9 z\u00edsk\u00e1te p\u0159\u00edstup k informac\u00edm. Po dokon\u010den\u00ed objedn\u00e1vky budou v\u0161echny informace vymaz\u00e1ny.<\/p>\n\n<p><strong>10. Zabezpe\u010den\u00ed shrom\u00e1\u017ed\u011bn\u00fdch \u00fadaj\u016f<\/strong><\/p>\n\n<p>Soubor Excel je chr\u00e1n\u011bn heslem, tak\u017ee k \u00fadaj\u016fm nem\u00e1 p\u0159\u00edstup nikdo jin\u00fd ne\u017e vy a my.<\/p>\n\n<p><strong>11. p\u0159ed\u00e1n\u00ed z\u00edskan\u00fdch \u00fadaj\u016f o kandid\u00e1tech p\u0159\u00edmo v\u00e1m.<\/strong><\/p>\n\n<p>Pravideln\u011b budete dost\u00e1vat e-mailem zabezpe\u010den\u00fd p\u0159ehled kandid\u00e1t\u016f.<\/p>\n\n<p><strong>12. Poradenstv\u00ed k z\u00e1kon\u00edku pr\u00e1ce v \u010cesk\u00e9 republice<\/strong><\/p>\n\n<p>Podpora v oblasti legislativy t\u00fdkaj\u00edc\u00ed se zam\u011bstn\u00e1v\u00e1n\u00ed zam\u011bstnanc\u016f prost\u0159ednictv\u00edm \u010desk\u00e9 spole\u010dnosti.<\/p>\n\n<p><strong>13. informov\u00e1n\u00ed o pr\u016fb\u011bhu pohovoru<\/strong><\/p>\n\n<p>telefonick\u00fd nebo e-mailov\u00fd kontakt ohledn\u011b pr\u016fb\u011bhu n\u00e1boru zam\u011bstnanc\u016f.<\/p>\n\n<p>Pokud tedy pot\u0159ebujete podporu v oblasti hled\u00e1n\u00ed nov\u00fdch zam\u011bstnanc\u016f pro \u010desk\u00fd nebo slovensk\u00fd trh, m\u016f\u017eete se na n\u00e1s obr\u00e1tit. K hled\u00e1n\u00ed nov\u00fdch kandid\u00e1t\u016f m\u016f\u017eete vyu\u017e\u00edt tak\u00e9 na\u0161i bezplatnou skupinu na Facebooku &#8211; <a href=\"https:\/\/www.facebook.com\/groups\/jobofferswithczechandslovak\">Nab\u00eddky pr\u00e1ce s \u010de\u0161tinou, sloven\u0161tinou \/ Nab\u00eddky pr\u00e1ce s \u010de\u0161tinou, sloven\u0161tinou<\/a>.  <\/p>\n","protected":false},"excerpt":{"rendered":"<p>Hled\u00e1te kandid\u00e1ty pro \u010desk\u00fd nebo slovensk\u00fd trh? Nem\u00e1te person\u00e1ln\u00ed odd\u011blen\u00ed nebo nem\u016f\u017eete naj\u00edt uchaze\u010de o zam\u011bstn\u00e1n\u00ed? Navrhujeme \u0159e\u0161en\u00ed. V tomto ohledu poskytujeme n\u00e1sleduj\u00edc\u00ed slu\u017eby: 1. Vyhled\u00e1v\u00e1n\u00ed kandid\u00e1t\u016f prost\u0159ednictv\u00edm s\u00edt\u011b LinkedIn Vyhled\u00e1v\u00e1n\u00ed vhodn\u00fdch kandid\u00e1t\u016f podle va\u0161ich krit\u00e9ri\u00ed prost\u0159ednictv\u00edm soci\u00e1ln\u00ed s\u00edt\u011b LinkedIn a jejich kontaktov\u00e1n\u00ed. 2. hled\u00e1n\u00ed kandid\u00e1t\u016f prost\u0159ednictv\u00edm skupin na Facebooku Vyhled\u00e1n\u00ed vhodn\u00fdch kandid\u00e1t\u016f podle va\u0161ich [&hellip;]<\/p>\n","protected":false},"author":1,"featured_media":2214,"parent":0,"menu_order":0,"comment_status":"closed","ping_status":"closed","template":"","meta":{"footnotes":""},"class_list":["post-1525","page","type-page","status-publish","has-post-thumbnail","hentry"],"yoast_head":"<!-- This site is optimized with the Yoast SEO plugin v26.7 - https:\/\/yoast.com\/wordpress\/plugins\/seo\/ -->\n<title>HR | Czeska Strefa<\/title>\n<meta name=\"description\" content=\"Hled\u00e1te kandid\u00e1ty pro \u010desk\u00fd nebo slovensk\u00fd trh? Nem\u00e1te person\u00e1ln\u00ed odd\u011blen\u00ed nebo nem\u016f\u017eete naj\u00edt uchaze\u010de o zam\u011bstn\u00e1n\u00ed? Navrhujeme \u0159e\u0161en\u00ed.\" \/>\n<meta name=\"robots\" content=\"index, follow, max-snippet:-1, max-image-preview:large, max-video-preview:-1\" \/>\n<link rel=\"canonical\" href=\"https:\/\/czeskastrefa.pl\/cs\/hr\/\" \/>\n<meta property=\"og:locale\" content=\"cs_CZ\" \/>\n<meta property=\"og:type\" content=\"article\" \/>\n<meta property=\"og:title\" content=\"HR\" \/>\n<meta property=\"og:description\" content=\"Hled\u00e1te kandid\u00e1ty pro \u010desk\u00fd nebo slovensk\u00fd trh? Nem\u00e1te person\u00e1ln\u00ed odd\u011blen\u00ed nebo nem\u016f\u017eete naj\u00edt uchaze\u010de o zam\u011bstn\u00e1n\u00ed? Navrhujeme \u0159e\u0161en\u00ed.\" \/>\n<meta property=\"og:url\" content=\"https:\/\/czeskastrefa.pl\/cs\/hr\/\" \/>\n<meta property=\"og:site_name\" content=\"Czeska Strefa\" \/>\n<meta property=\"article:publisher\" content=\"https:\/\/www.facebook.com\/czeskastrefa\" \/>\n<meta property=\"article:modified_time\" content=\"2024-05-18T20:52:56+00:00\" \/>\n<meta property=\"og:image\" content=\"https:\/\/czeskastrefa.pl\/wp-content\/uploads\/2024\/05\/businesswomen-holding-clipboard-reading-recruiter-cv-discussing-company-hiring-plan-job-appointment-online-videocall-meeting-conference-startup-office-teleconference-call-1024x683.jpg\" \/>\n<meta name=\"twitter:card\" content=\"summary_large_image\" \/>\n<meta name=\"twitter:label1\" content=\"Odhadovan\u00e1 doba \u010dten\u00ed\" \/>\n\t<meta name=\"twitter:data1\" content=\"3 minuty\" \/>\n<script type=\"application\/ld+json\" class=\"yoast-schema-graph\">{\"@context\":\"https:\/\/schema.org\",\"@graph\":[{\"@type\":\"WebPage\",\"@id\":\"https:\/\/czeskastrefa.pl\/cs\/hr\/\",\"url\":\"https:\/\/czeskastrefa.pl\/cs\/hr\/\",\"name\":\"HR | Czeska Strefa\",\"isPartOf\":{\"@id\":\"https:\/\/czeskastrefa.pl\/cs\/#website\"},\"primaryImageOfPage\":{\"@id\":\"https:\/\/czeskastrefa.pl\/cs\/hr\/#primaryimage\"},\"image\":{\"@id\":\"https:\/\/czeskastrefa.pl\/cs\/hr\/#primaryimage\"},\"thumbnailUrl\":\"https:\/\/czeskastrefa.pl\/wp-content\/uploads\/2024\/10\/iStock-468839369.jpg\",\"datePublished\":\"2024-05-05T15:55:36+00:00\",\"dateModified\":\"2024-05-18T20:52:56+00:00\",\"description\":\"Hled\u00e1te kandid\u00e1ty pro \u010desk\u00fd nebo slovensk\u00fd trh? Nem\u00e1te person\u00e1ln\u00ed odd\u011blen\u00ed nebo nem\u016f\u017eete naj\u00edt uchaze\u010de o zam\u011bstn\u00e1n\u00ed? Navrhujeme \u0159e\u0161en\u00ed.\",\"breadcrumb\":{\"@id\":\"https:\/\/czeskastrefa.pl\/cs\/hr\/#breadcrumb\"},\"inLanguage\":\"cs\",\"potentialAction\":[{\"@type\":\"ReadAction\",\"target\":[\"https:\/\/czeskastrefa.pl\/cs\/hr\/\"]}]},{\"@type\":\"ImageObject\",\"inLanguage\":\"cs\",\"@id\":\"https:\/\/czeskastrefa.pl\/cs\/hr\/#primaryimage\",\"url\":\"https:\/\/czeskastrefa.pl\/wp-content\/uploads\/2024\/10\/iStock-468839369.jpg\",\"contentUrl\":\"https:\/\/czeskastrefa.pl\/wp-content\/uploads\/2024\/10\/iStock-468839369.jpg\",\"width\":2121,\"height\":1414},{\"@type\":\"BreadcrumbList\",\"@id\":\"https:\/\/czeskastrefa.pl\/cs\/hr\/#breadcrumb\",\"itemListElement\":[{\"@type\":\"ListItem\",\"position\":1,\"name\":\"Strona g\u0142\u00f3wna\",\"item\":\"https:\/\/czeskastrefa.pl\/cs\/\"},{\"@type\":\"ListItem\",\"position\":2,\"name\":\"HR\"}]},{\"@type\":\"WebSite\",\"@id\":\"https:\/\/czeskastrefa.pl\/cs\/#website\",\"url\":\"https:\/\/czeskastrefa.pl\/cs\/\",\"name\":\"Czeska Strefa\",\"description\":\"Us\u0142ugi zwi\u0105zane z e-commerce na rynku czeskim\",\"publisher\":{\"@id\":\"https:\/\/czeskastrefa.pl\/cs\/#organization\"},\"alternateName\":\"Czeska Strefa\",\"potentialAction\":[{\"@type\":\"SearchAction\",\"target\":{\"@type\":\"EntryPoint\",\"urlTemplate\":\"https:\/\/czeskastrefa.pl\/cs\/?s={search_term_string}\"},\"query-input\":{\"@type\":\"PropertyValueSpecification\",\"valueRequired\":true,\"valueName\":\"search_term_string\"}}],\"inLanguage\":\"cs\"},{\"@type\":\"Organization\",\"@id\":\"https:\/\/czeskastrefa.pl\/cs\/#organization\",\"name\":\"Czeska Strefa\",\"alternateName\":\"Us\u0142ugi e-commerce na rynku czeskim\",\"url\":\"https:\/\/czeskastrefa.pl\/cs\/\",\"logo\":{\"@type\":\"ImageObject\",\"inLanguage\":\"cs\",\"@id\":\"https:\/\/czeskastrefa.pl\/cs\/#\/schema\/logo\/image\/\",\"url\":\"https:\/\/czeskastrefa.pl\/wp-content\/uploads\/2024\/04\/cropped-thumbnail_czeska-strefa-512-pxbhhui.png\",\"contentUrl\":\"https:\/\/czeskastrefa.pl\/wp-content\/uploads\/2024\/04\/cropped-thumbnail_czeska-strefa-512-pxbhhui.png\",\"width\":240,\"height\":240,\"caption\":\"Czeska Strefa\"},\"image\":{\"@id\":\"https:\/\/czeskastrefa.pl\/cs\/#\/schema\/logo\/image\/\"},\"sameAs\":[\"https:\/\/www.facebook.com\/czeskastrefa\",\"https:\/\/www.linkedin.com\/company\/czeskastrefa\",\"https:\/\/www.instagram.com\/czeskastrefa\"]}]}<\/script>\n<!-- \/ Yoast SEO plugin. -->","yoast_head_json":{"title":"HR | Czeska Strefa","description":"Hled\u00e1te kandid\u00e1ty pro \u010desk\u00fd nebo slovensk\u00fd trh? Nem\u00e1te person\u00e1ln\u00ed odd\u011blen\u00ed nebo nem\u016f\u017eete naj\u00edt uchaze\u010de o zam\u011bstn\u00e1n\u00ed? Navrhujeme \u0159e\u0161en\u00ed.","robots":{"index":"index","follow":"follow","max-snippet":"max-snippet:-1","max-image-preview":"max-image-preview:large","max-video-preview":"max-video-preview:-1"},"canonical":"https:\/\/czeskastrefa.pl\/cs\/hr\/","og_locale":"cs_CZ","og_type":"article","og_title":"HR","og_description":"Hled\u00e1te kandid\u00e1ty pro \u010desk\u00fd nebo slovensk\u00fd trh? Nem\u00e1te person\u00e1ln\u00ed odd\u011blen\u00ed nebo nem\u016f\u017eete naj\u00edt uchaze\u010de o zam\u011bstn\u00e1n\u00ed? Navrhujeme \u0159e\u0161en\u00ed.","og_url":"https:\/\/czeskastrefa.pl\/cs\/hr\/","og_site_name":"Czeska Strefa","article_publisher":"https:\/\/www.facebook.com\/czeskastrefa","article_modified_time":"2024-05-18T20:52:56+00:00","og_image":[{"url":"https:\/\/czeskastrefa.pl\/wp-content\/uploads\/2024\/05\/businesswomen-holding-clipboard-reading-recruiter-cv-discussing-company-hiring-plan-job-appointment-online-videocall-meeting-conference-startup-office-teleconference-call-1024x683.jpg","type":"","width":"","height":""}],"twitter_card":"summary_large_image","twitter_misc":{"Odhadovan\u00e1 doba \u010dten\u00ed":"3 minuty"},"schema":{"@context":"https:\/\/schema.org","@graph":[{"@type":"WebPage","@id":"https:\/\/czeskastrefa.pl\/cs\/hr\/","url":"https:\/\/czeskastrefa.pl\/cs\/hr\/","name":"HR | Czeska Strefa","isPartOf":{"@id":"https:\/\/czeskastrefa.pl\/cs\/#website"},"primaryImageOfPage":{"@id":"https:\/\/czeskastrefa.pl\/cs\/hr\/#primaryimage"},"image":{"@id":"https:\/\/czeskastrefa.pl\/cs\/hr\/#primaryimage"},"thumbnailUrl":"https:\/\/czeskastrefa.pl\/wp-content\/uploads\/2024\/10\/iStock-468839369.jpg","datePublished":"2024-05-05T15:55:36+00:00","dateModified":"2024-05-18T20:52:56+00:00","description":"Hled\u00e1te kandid\u00e1ty pro \u010desk\u00fd nebo slovensk\u00fd trh? Nem\u00e1te person\u00e1ln\u00ed odd\u011blen\u00ed nebo nem\u016f\u017eete naj\u00edt uchaze\u010de o zam\u011bstn\u00e1n\u00ed? Navrhujeme \u0159e\u0161en\u00ed.","breadcrumb":{"@id":"https:\/\/czeskastrefa.pl\/cs\/hr\/#breadcrumb"},"inLanguage":"cs","potentialAction":[{"@type":"ReadAction","target":["https:\/\/czeskastrefa.pl\/cs\/hr\/"]}]},{"@type":"ImageObject","inLanguage":"cs","@id":"https:\/\/czeskastrefa.pl\/cs\/hr\/#primaryimage","url":"https:\/\/czeskastrefa.pl\/wp-content\/uploads\/2024\/10\/iStock-468839369.jpg","contentUrl":"https:\/\/czeskastrefa.pl\/wp-content\/uploads\/2024\/10\/iStock-468839369.jpg","width":2121,"height":1414},{"@type":"BreadcrumbList","@id":"https:\/\/czeskastrefa.pl\/cs\/hr\/#breadcrumb","itemListElement":[{"@type":"ListItem","position":1,"name":"Strona g\u0142\u00f3wna","item":"https:\/\/czeskastrefa.pl\/cs\/"},{"@type":"ListItem","position":2,"name":"HR"}]},{"@type":"WebSite","@id":"https:\/\/czeskastrefa.pl\/cs\/#website","url":"https:\/\/czeskastrefa.pl\/cs\/","name":"Czeska Strefa","description":"Us\u0142ugi zwi\u0105zane z e-commerce na rynku czeskim","publisher":{"@id":"https:\/\/czeskastrefa.pl\/cs\/#organization"},"alternateName":"Czeska Strefa","potentialAction":[{"@type":"SearchAction","target":{"@type":"EntryPoint","urlTemplate":"https:\/\/czeskastrefa.pl\/cs\/?s={search_term_string}"},"query-input":{"@type":"PropertyValueSpecification","valueRequired":true,"valueName":"search_term_string"}}],"inLanguage":"cs"},{"@type":"Organization","@id":"https:\/\/czeskastrefa.pl\/cs\/#organization","name":"Czeska Strefa","alternateName":"Us\u0142ugi e-commerce na rynku czeskim","url":"https:\/\/czeskastrefa.pl\/cs\/","logo":{"@type":"ImageObject","inLanguage":"cs","@id":"https:\/\/czeskastrefa.pl\/cs\/#\/schema\/logo\/image\/","url":"https:\/\/czeskastrefa.pl\/wp-content\/uploads\/2024\/04\/cropped-thumbnail_czeska-strefa-512-pxbhhui.png","contentUrl":"https:\/\/czeskastrefa.pl\/wp-content\/uploads\/2024\/04\/cropped-thumbnail_czeska-strefa-512-pxbhhui.png","width":240,"height":240,"caption":"Czeska Strefa"},"image":{"@id":"https:\/\/czeskastrefa.pl\/cs\/#\/schema\/logo\/image\/"},"sameAs":["https:\/\/www.facebook.com\/czeskastrefa","https:\/\/www.linkedin.com\/company\/czeskastrefa","https:\/\/www.instagram.com\/czeskastrefa"]}]}},"_links":{"self":[{"href":"https:\/\/czeskastrefa.pl\/cs\/wp-json\/wp\/v2\/pages\/1525","targetHints":{"allow":["GET"]}}],"collection":[{"href":"https:\/\/czeskastrefa.pl\/cs\/wp-json\/wp\/v2\/pages"}],"about":[{"href":"https:\/\/czeskastrefa.pl\/cs\/wp-json\/wp\/v2\/types\/page"}],"author":[{"embeddable":true,"href":"https:\/\/czeskastrefa.pl\/cs\/wp-json\/wp\/v2\/users\/1"}],"replies":[{"embeddable":true,"href":"https:\/\/czeskastrefa.pl\/cs\/wp-json\/wp\/v2\/comments?post=1525"}],"version-history":[{"count":1,"href":"https:\/\/czeskastrefa.pl\/cs\/wp-json\/wp\/v2\/pages\/1525\/revisions"}],"predecessor-version":[{"id":1532,"href":"https:\/\/czeskastrefa.pl\/cs\/wp-json\/wp\/v2\/pages\/1525\/revisions\/1532"}],"wp:featuredmedia":[{"embeddable":true,"href":"https:\/\/czeskastrefa.pl\/cs\/wp-json\/wp\/v2\/media\/2214"}],"wp:attachment":[{"href":"https:\/\/czeskastrefa.pl\/cs\/wp-json\/wp\/v2\/media?parent=1525"}],"curies":[{"name":"wp","href":"https:\/\/api.w.org\/{rel}","templated":true}]}}