{"id":1617,"date":"2024-05-05T17:55:36","date_gmt":"2024-05-05T15:55:36","guid":{"rendered":"https:\/\/czeskastrefa.pl\/hr\/"},"modified":"2024-05-18T22:52:56","modified_gmt":"2024-05-18T20:52:56","slug":"hr","status":"publish","type":"page","link":"https:\/\/czeskastrefa.pl\/sk\/hr\/","title":{"rendered":"HR"},"content":{"rendered":"\n<blockquote class=\"wp-block-quote is-layout-flow wp-block-quote-is-layout-flow\">\n<p>H\u013ead\u00e1te kandid\u00e1tov pre \u010desk\u00fd alebo slovensk\u00fd trh? Nem\u00e1te person\u00e1lne oddelenie alebo nem\u00f4\u017eete n\u00e1js\u0165 uch\u00e1dza\u010dov o zamestnanie? Navrhujeme rie\u0161enie.<\/p>\n<\/blockquote>\n\n<p><strong>V tejto s\u00favislosti poskytujeme tieto slu\u017eby:  <\/strong> <\/p>\n\n<p><strong>1. Vyh\u013ead\u00e1vanie kandid\u00e1tov prostredn\u00edctvom siete LinkedIn<\/strong><\/p>\n\n<p>Vyh\u013ead\u00e1vanie vhodn\u00fdch kandid\u00e1tov na z\u00e1klade va\u0161ich krit\u00e9ri\u00ed prostredn\u00edctvom soci\u00e1lnej siete LinkedIn a ich kontaktovanie.<\/p>\n\n<p><strong>2. h\u013eadanie<\/strong> <strong>kandid\u00e1tov prostredn\u00edctvom skup\u00edn na Facebooku<\/strong><\/p>\n\n<p>Vyh\u013ead\u00e1vanie vhodn\u00fdch kandid\u00e1tov na z\u00e1klade va\u0161ich krit\u00e9ri\u00ed prostredn\u00edctvom Facebooku a ich kontaktovanie.<\/p>\n\n<p><strong>3. n\u00e1bor uch\u00e1dza\u010dov z Po\u013eska, \u010ceskej republiky a Slovenska<\/strong><\/p>\n\n<p>Vyh\u013ead\u00e1vanie vhodn\u00fdch kandid\u00e1tov pod\u013ea va\u0161ich krit\u00e9ri\u00ed prostredn\u00edctvom miestnych skup\u00edn, online port\u00e1lov a skup\u00edn na Facebooku.<\/p>\n\n<p><strong>4. vytv\u00e1ranie pracovn\u00fdch pon\u00fak na pracovn\u00fdch port\u00e1loch a soci\u00e1lnych m\u00e9di\u00e1ch<\/strong><\/p>\n\n<p>Na z\u00e1klade z\u00edskan\u00fdch \u00fadajov vytvor\u00edme pracovn\u00fa ponuku, ktor\u00fa zverejn\u00edme na online port\u00e1loch pr\u00e1ce a soci\u00e1lnych sie\u0165ach.<\/p>\n\n<p><strong>5. e-mailov\u00fd a telefonick\u00fd kontakt so \u017eiadate\u013emi<\/strong><\/p>\n\n<p>Elektronick\u00fd kontakt prostredn\u00edctvom e-mailu a telefonick\u00fd kontakt s vybran\u00fdmi uch\u00e1dza\u010dmi. Prenos inform\u00e1ci\u00ed medzi vami a vybran\u00fdmi uch\u00e1dza\u010dmi.<\/p>\n\n<p><strong>6. rozhovory so \u017eiadate\u013emi v \u010deskom, po\u013eskom a anglickom jazyku<\/strong><\/p>\n\n<p>Stretnutie s vybran\u00fdmi uch\u00e1dza\u010dmi o zamestnanie online alebo na mieste. Rozhovor m\u00f4\u017ee prebieha\u0165 v \u010de\u0161tine, po\u013e\u0161tine alebo angli\u010dtine.<\/p>\n\n<p><strong>7. druh\u00e1 a tretia f\u00e1za rozhovoru<\/strong><\/p>\n\n<p>\u010eal\u0161ie f\u00e1zy pohovoru na z\u00e1klade va\u0161ich po\u017eiadaviek.<\/p>\n\n<p><strong>8. online stretnutie s uch\u00e1dza\u010dmi alebo na mieste<\/strong><\/p>\n\n<p>Online stretnutie s vybran\u00fdmi uch\u00e1dza\u010dmi alebo na mieste, ktor\u00e9 ur\u010d\u00edte po\u010das pohovoru alebo v pr\u00edpade dopl\u0148uj\u00facich ot\u00e1zok zo strany uch\u00e1dza\u010dov.<\/p>\n\n<p><strong>9. zhroma\u017e\u010fovanie v\u0161etk\u00fdch \u00fadajov s\u00favisiacich s procesom n\u00e1boru<\/strong><\/p>\n\n<p>V\u0161etky inform\u00e1cie z\u00edskan\u00e9 od vybran\u00fdch kandid\u00e1tov sa ulo\u017eia do s\u00faboru Excel. Potom z\u00edskate pr\u00edstup k inform\u00e1ci\u00e1m. Po dokon\u010den\u00ed objedn\u00e1vky bud\u00fa v\u0161etky inform\u00e1cie vymazan\u00e9.<\/p>\n\n<p><strong>10. Bezpe\u010dnos\u0165 zhroma\u017eden\u00fdch \u00fadajov<\/strong><\/p>\n\n<p>S\u00fabor Excel je chr\u00e1nen\u00fd heslom, tak\u017ee k \u00fadajom nem\u00e1 pr\u00edstup nikto okrem v\u00e1s a n\u00e1s.<\/p>\n\n<p><strong>11. odoslanie z\u00edskan\u00fdch \u00fadajov o uch\u00e1dza\u010doch priamo v\u00e1m<\/strong><\/p>\n\n<p>Pravidelne budete dost\u00e1va\u0165 e-mailom zabezpe\u010den\u00fd preh\u013ead o uch\u00e1dza\u010doch.<\/p>\n\n<p><strong>12. Poradenstvo k Z\u00e1konn\u00edku pr\u00e1ce v \u010ceskej republike<\/strong><\/p>\n\n<p>Podpora v oblasti pr\u00e1vnych predpisov t\u00fdkaj\u00facich sa zamestn\u00e1vania zamestnancov prostredn\u00edctvom \u010deskej spolo\u010dnosti.<\/p>\n\n<p><strong>13. informovanie o priebehu pohovoru<\/strong><\/p>\n\n<p>telefonick\u00fd alebo e-mailov\u00fd kontakt t\u00fdkaj\u00faci sa priebehu n\u00e1boru zamestnancov.<\/p>\n\n<p>Ak teda potrebujete podporu v oblasti h\u013eadania nov\u00fdch zamestnancov pre \u010desk\u00fd alebo slovensk\u00fd trh, m\u00f4\u017eete sa na n\u00e1s obr\u00e1ti\u0165. Na vyh\u013ead\u00e1vanie nov\u00fdch kandid\u00e1tov m\u00f4\u017eete vyu\u017ei\u0165 aj na\u0161u bezplatn\u00fa skupinu na Facebooku &#8211; <a href=\"https:\/\/www.facebook.com\/groups\/jobofferswithczechandslovak\">Pracovn\u00e9 ponuky s \u010de\u0161tinou, sloven\u010dinou \/ Pracovn\u00e9 ponuky s \u010de\u0161tinou, sloven\u010dinou<\/a>.  <\/p>\n","protected":false},"excerpt":{"rendered":"<p>H\u013ead\u00e1te kandid\u00e1tov pre \u010desk\u00fd alebo slovensk\u00fd trh? Nem\u00e1te person\u00e1lne oddelenie alebo nem\u00f4\u017eete n\u00e1js\u0165 uch\u00e1dza\u010dov o zamestnanie? Navrhujeme rie\u0161enie. V tejto s\u00favislosti poskytujeme tieto slu\u017eby: 1. Vyh\u013ead\u00e1vanie kandid\u00e1tov prostredn\u00edctvom siete LinkedIn Vyh\u013ead\u00e1vanie vhodn\u00fdch kandid\u00e1tov na z\u00e1klade va\u0161ich krit\u00e9ri\u00ed prostredn\u00edctvom soci\u00e1lnej siete LinkedIn a ich kontaktovanie. 2. h\u013eadanie kandid\u00e1tov prostredn\u00edctvom skup\u00edn na Facebooku Vyh\u013ead\u00e1vanie vhodn\u00fdch kandid\u00e1tov na [&hellip;]<\/p>\n","protected":false},"author":1,"featured_media":2216,"parent":0,"menu_order":0,"comment_status":"closed","ping_status":"closed","template":"","meta":{"footnotes":""},"class_list":["post-1617","page","type-page","status-publish","has-post-thumbnail","hentry"],"yoast_head":"<!-- This site is optimized with the Yoast SEO plugin v26.7 - https:\/\/yoast.com\/wordpress\/plugins\/seo\/ -->\n<title>HR | Czeska Strefa<\/title>\n<meta name=\"description\" content=\"H\u013ead\u00e1te kandid\u00e1tov pre \u010desk\u00fd alebo slovensk\u00fd trh? Nem\u00e1te person\u00e1lne oddelenie alebo nem\u00f4\u017eete n\u00e1js\u0165 uch\u00e1dza\u010dov o zamestnanie? Navrhujeme rie\u0161enie.\" \/>\n<meta name=\"robots\" content=\"index, follow, max-snippet:-1, max-image-preview:large, max-video-preview:-1\" \/>\n<link rel=\"canonical\" href=\"https:\/\/czeskastrefa.pl\/sk\/hr\/\" \/>\n<meta property=\"og:locale\" content=\"sk_SK\" \/>\n<meta property=\"og:type\" content=\"article\" \/>\n<meta property=\"og:title\" content=\"HR\" \/>\n<meta property=\"og:description\" content=\"H\u013ead\u00e1te kandid\u00e1tov pre \u010desk\u00fd alebo slovensk\u00fd trh? Nem\u00e1te person\u00e1lne oddelenie alebo nem\u00f4\u017eete n\u00e1js\u0165 uch\u00e1dza\u010dov o zamestnanie? Navrhujeme rie\u0161enie.\" \/>\n<meta property=\"og:url\" content=\"https:\/\/czeskastrefa.pl\/sk\/hr\/\" \/>\n<meta property=\"og:site_name\" content=\"Czeska Strefa\" \/>\n<meta property=\"article:publisher\" content=\"https:\/\/www.facebook.com\/czeskastrefa\" \/>\n<meta property=\"article:modified_time\" content=\"2024-05-18T20:52:56+00:00\" \/>\n<meta property=\"og:image\" content=\"https:\/\/czeskastrefa.pl\/wp-content\/uploads\/2024\/05\/businesswomen-holding-clipboard-reading-recruiter-cv-discussing-company-hiring-plan-job-appointment-online-videocall-meeting-conference-startup-office-teleconference-call-1024x683.jpg\" \/>\n<meta name=\"twitter:card\" content=\"summary_large_image\" \/>\n<meta name=\"twitter:label1\" content=\"Predpokladan\u00fd \u010das \u010d\u00edtania\" \/>\n\t<meta name=\"twitter:data1\" content=\"3 min\u00faty\" \/>\n<script type=\"application\/ld+json\" class=\"yoast-schema-graph\">{\"@context\":\"https:\/\/schema.org\",\"@graph\":[{\"@type\":\"WebPage\",\"@id\":\"https:\/\/czeskastrefa.pl\/sk\/hr\/\",\"url\":\"https:\/\/czeskastrefa.pl\/sk\/hr\/\",\"name\":\"HR | Czeska Strefa\",\"isPartOf\":{\"@id\":\"https:\/\/czeskastrefa.pl\/sk\/#website\"},\"primaryImageOfPage\":{\"@id\":\"https:\/\/czeskastrefa.pl\/sk\/hr\/#primaryimage\"},\"image\":{\"@id\":\"https:\/\/czeskastrefa.pl\/sk\/hr\/#primaryimage\"},\"thumbnailUrl\":\"https:\/\/czeskastrefa.pl\/wp-content\/uploads\/2024\/10\/iStock-468839369.jpg\",\"datePublished\":\"2024-05-05T15:55:36+00:00\",\"dateModified\":\"2024-05-18T20:52:56+00:00\",\"description\":\"H\u013ead\u00e1te kandid\u00e1tov pre \u010desk\u00fd alebo slovensk\u00fd trh? Nem\u00e1te person\u00e1lne oddelenie alebo nem\u00f4\u017eete n\u00e1js\u0165 uch\u00e1dza\u010dov o zamestnanie? Navrhujeme rie\u0161enie.\",\"breadcrumb\":{\"@id\":\"https:\/\/czeskastrefa.pl\/sk\/hr\/#breadcrumb\"},\"inLanguage\":\"sk-SK\",\"potentialAction\":[{\"@type\":\"ReadAction\",\"target\":[\"https:\/\/czeskastrefa.pl\/sk\/hr\/\"]}]},{\"@type\":\"ImageObject\",\"inLanguage\":\"sk-SK\",\"@id\":\"https:\/\/czeskastrefa.pl\/sk\/hr\/#primaryimage\",\"url\":\"https:\/\/czeskastrefa.pl\/wp-content\/uploads\/2024\/10\/iStock-468839369.jpg\",\"contentUrl\":\"https:\/\/czeskastrefa.pl\/wp-content\/uploads\/2024\/10\/iStock-468839369.jpg\",\"width\":2121,\"height\":1414},{\"@type\":\"BreadcrumbList\",\"@id\":\"https:\/\/czeskastrefa.pl\/sk\/hr\/#breadcrumb\",\"itemListElement\":[{\"@type\":\"ListItem\",\"position\":1,\"name\":\"Strona g\u0142\u00f3wna\",\"item\":\"https:\/\/czeskastrefa.pl\/sk\/\"},{\"@type\":\"ListItem\",\"position\":2,\"name\":\"HR\"}]},{\"@type\":\"WebSite\",\"@id\":\"https:\/\/czeskastrefa.pl\/sk\/#website\",\"url\":\"https:\/\/czeskastrefa.pl\/sk\/\",\"name\":\"Czeska Strefa\",\"description\":\"Us\u0142ugi zwi\u0105zane z e-commerce na rynku czeskim\",\"publisher\":{\"@id\":\"https:\/\/czeskastrefa.pl\/sk\/#organization\"},\"alternateName\":\"Czeska Strefa\",\"potentialAction\":[{\"@type\":\"SearchAction\",\"target\":{\"@type\":\"EntryPoint\",\"urlTemplate\":\"https:\/\/czeskastrefa.pl\/sk\/?s={search_term_string}\"},\"query-input\":{\"@type\":\"PropertyValueSpecification\",\"valueRequired\":true,\"valueName\":\"search_term_string\"}}],\"inLanguage\":\"sk-SK\"},{\"@type\":\"Organization\",\"@id\":\"https:\/\/czeskastrefa.pl\/sk\/#organization\",\"name\":\"Czeska Strefa\",\"alternateName\":\"Us\u0142ugi e-commerce na rynku czeskim\",\"url\":\"https:\/\/czeskastrefa.pl\/sk\/\",\"logo\":{\"@type\":\"ImageObject\",\"inLanguage\":\"sk-SK\",\"@id\":\"https:\/\/czeskastrefa.pl\/sk\/#\/schema\/logo\/image\/\",\"url\":\"https:\/\/czeskastrefa.pl\/wp-content\/uploads\/2024\/04\/cropped-thumbnail_czeska-strefa-512-pxbhhui.png\",\"contentUrl\":\"https:\/\/czeskastrefa.pl\/wp-content\/uploads\/2024\/04\/cropped-thumbnail_czeska-strefa-512-pxbhhui.png\",\"width\":240,\"height\":240,\"caption\":\"Czeska Strefa\"},\"image\":{\"@id\":\"https:\/\/czeskastrefa.pl\/sk\/#\/schema\/logo\/image\/\"},\"sameAs\":[\"https:\/\/www.facebook.com\/czeskastrefa\",\"https:\/\/www.linkedin.com\/company\/czeskastrefa\",\"https:\/\/www.instagram.com\/czeskastrefa\"]}]}<\/script>\n<!-- \/ Yoast SEO plugin. -->","yoast_head_json":{"title":"HR | Czeska Strefa","description":"H\u013ead\u00e1te kandid\u00e1tov pre \u010desk\u00fd alebo slovensk\u00fd trh? Nem\u00e1te person\u00e1lne oddelenie alebo nem\u00f4\u017eete n\u00e1js\u0165 uch\u00e1dza\u010dov o zamestnanie? Navrhujeme rie\u0161enie.","robots":{"index":"index","follow":"follow","max-snippet":"max-snippet:-1","max-image-preview":"max-image-preview:large","max-video-preview":"max-video-preview:-1"},"canonical":"https:\/\/czeskastrefa.pl\/sk\/hr\/","og_locale":"sk_SK","og_type":"article","og_title":"HR","og_description":"H\u013ead\u00e1te kandid\u00e1tov pre \u010desk\u00fd alebo slovensk\u00fd trh? Nem\u00e1te person\u00e1lne oddelenie alebo nem\u00f4\u017eete n\u00e1js\u0165 uch\u00e1dza\u010dov o zamestnanie? Navrhujeme rie\u0161enie.","og_url":"https:\/\/czeskastrefa.pl\/sk\/hr\/","og_site_name":"Czeska Strefa","article_publisher":"https:\/\/www.facebook.com\/czeskastrefa","article_modified_time":"2024-05-18T20:52:56+00:00","og_image":[{"url":"https:\/\/czeskastrefa.pl\/wp-content\/uploads\/2024\/05\/businesswomen-holding-clipboard-reading-recruiter-cv-discussing-company-hiring-plan-job-appointment-online-videocall-meeting-conference-startup-office-teleconference-call-1024x683.jpg","type":"","width":"","height":""}],"twitter_card":"summary_large_image","twitter_misc":{"Predpokladan\u00fd \u010das \u010d\u00edtania":"3 min\u00faty"},"schema":{"@context":"https:\/\/schema.org","@graph":[{"@type":"WebPage","@id":"https:\/\/czeskastrefa.pl\/sk\/hr\/","url":"https:\/\/czeskastrefa.pl\/sk\/hr\/","name":"HR | Czeska Strefa","isPartOf":{"@id":"https:\/\/czeskastrefa.pl\/sk\/#website"},"primaryImageOfPage":{"@id":"https:\/\/czeskastrefa.pl\/sk\/hr\/#primaryimage"},"image":{"@id":"https:\/\/czeskastrefa.pl\/sk\/hr\/#primaryimage"},"thumbnailUrl":"https:\/\/czeskastrefa.pl\/wp-content\/uploads\/2024\/10\/iStock-468839369.jpg","datePublished":"2024-05-05T15:55:36+00:00","dateModified":"2024-05-18T20:52:56+00:00","description":"H\u013ead\u00e1te kandid\u00e1tov pre \u010desk\u00fd alebo slovensk\u00fd trh? Nem\u00e1te person\u00e1lne oddelenie alebo nem\u00f4\u017eete n\u00e1js\u0165 uch\u00e1dza\u010dov o zamestnanie? Navrhujeme rie\u0161enie.","breadcrumb":{"@id":"https:\/\/czeskastrefa.pl\/sk\/hr\/#breadcrumb"},"inLanguage":"sk-SK","potentialAction":[{"@type":"ReadAction","target":["https:\/\/czeskastrefa.pl\/sk\/hr\/"]}]},{"@type":"ImageObject","inLanguage":"sk-SK","@id":"https:\/\/czeskastrefa.pl\/sk\/hr\/#primaryimage","url":"https:\/\/czeskastrefa.pl\/wp-content\/uploads\/2024\/10\/iStock-468839369.jpg","contentUrl":"https:\/\/czeskastrefa.pl\/wp-content\/uploads\/2024\/10\/iStock-468839369.jpg","width":2121,"height":1414},{"@type":"BreadcrumbList","@id":"https:\/\/czeskastrefa.pl\/sk\/hr\/#breadcrumb","itemListElement":[{"@type":"ListItem","position":1,"name":"Strona g\u0142\u00f3wna","item":"https:\/\/czeskastrefa.pl\/sk\/"},{"@type":"ListItem","position":2,"name":"HR"}]},{"@type":"WebSite","@id":"https:\/\/czeskastrefa.pl\/sk\/#website","url":"https:\/\/czeskastrefa.pl\/sk\/","name":"Czeska Strefa","description":"Us\u0142ugi zwi\u0105zane z e-commerce na rynku czeskim","publisher":{"@id":"https:\/\/czeskastrefa.pl\/sk\/#organization"},"alternateName":"Czeska Strefa","potentialAction":[{"@type":"SearchAction","target":{"@type":"EntryPoint","urlTemplate":"https:\/\/czeskastrefa.pl\/sk\/?s={search_term_string}"},"query-input":{"@type":"PropertyValueSpecification","valueRequired":true,"valueName":"search_term_string"}}],"inLanguage":"sk-SK"},{"@type":"Organization","@id":"https:\/\/czeskastrefa.pl\/sk\/#organization","name":"Czeska Strefa","alternateName":"Us\u0142ugi e-commerce na rynku czeskim","url":"https:\/\/czeskastrefa.pl\/sk\/","logo":{"@type":"ImageObject","inLanguage":"sk-SK","@id":"https:\/\/czeskastrefa.pl\/sk\/#\/schema\/logo\/image\/","url":"https:\/\/czeskastrefa.pl\/wp-content\/uploads\/2024\/04\/cropped-thumbnail_czeska-strefa-512-pxbhhui.png","contentUrl":"https:\/\/czeskastrefa.pl\/wp-content\/uploads\/2024\/04\/cropped-thumbnail_czeska-strefa-512-pxbhhui.png","width":240,"height":240,"caption":"Czeska Strefa"},"image":{"@id":"https:\/\/czeskastrefa.pl\/sk\/#\/schema\/logo\/image\/"},"sameAs":["https:\/\/www.facebook.com\/czeskastrefa","https:\/\/www.linkedin.com\/company\/czeskastrefa","https:\/\/www.instagram.com\/czeskastrefa"]}]}},"_links":{"self":[{"href":"https:\/\/czeskastrefa.pl\/sk\/wp-json\/wp\/v2\/pages\/1617","targetHints":{"allow":["GET"]}}],"collection":[{"href":"https:\/\/czeskastrefa.pl\/sk\/wp-json\/wp\/v2\/pages"}],"about":[{"href":"https:\/\/czeskastrefa.pl\/sk\/wp-json\/wp\/v2\/types\/page"}],"author":[{"embeddable":true,"href":"https:\/\/czeskastrefa.pl\/sk\/wp-json\/wp\/v2\/users\/1"}],"replies":[{"embeddable":true,"href":"https:\/\/czeskastrefa.pl\/sk\/wp-json\/wp\/v2\/comments?post=1617"}],"version-history":[{"count":1,"href":"https:\/\/czeskastrefa.pl\/sk\/wp-json\/wp\/v2\/pages\/1617\/revisions"}],"predecessor-version":[{"id":1629,"href":"https:\/\/czeskastrefa.pl\/sk\/wp-json\/wp\/v2\/pages\/1617\/revisions\/1629"}],"wp:featuredmedia":[{"embeddable":true,"href":"https:\/\/czeskastrefa.pl\/sk\/wp-json\/wp\/v2\/media\/2216"}],"wp:attachment":[{"href":"https:\/\/czeskastrefa.pl\/sk\/wp-json\/wp\/v2\/media?parent=1617"}],"curies":[{"name":"wp","href":"https:\/\/api.w.org\/{rel}","templated":true}]}}